{"id":22668,"date":"2022-04-22T15:44:24","date_gmt":"2022-04-22T13:44:24","guid":{"rendered":"https:\/\/www.hotellecorbusier.com\/chambre-pmr-double-deluxe-avec-balcon-vue-parc-la-design-159-euros-copy\/"},"modified":"2025-07-11T16:05:27","modified_gmt":"2025-07-11T14:05:27","slug":"chambre-double-deluxe-avec-balcon-vue-mer-la-musee-186-euros","status":"publish","type":"page","link":"https:\/\/www.hotellecorbusier.com\/en\/chambre-double-deluxe-avec-balcon-vue-mer-la-musee-186-euros\/","title":{"rendered":"Chambre double deluxe avec balcon \u2013 vue mer &#8211; La mus\u00e9e 211 euros"},"content":{"rendered":"<div data-elementor-type=\"wp-page\" data-elementor-id=\"22668\" class=\"elementor elementor-22668\" data-elementor-post-type=\"page\">\n\t\t\t\t\t\t<section class=\"elementor-section elementor-top-section elementor-element elementor-element-2ce5e020 elementor-section-boxed elementor-section-height-default elementor-section-height-default\" data-id=\"2ce5e020\" data-element_type=\"section\" data-e-type=\"section\" data-settings=\"{&quot;background_background&quot;:&quot;classic&quot;}\">\n\t\t\t\t\t\t\t<div class=\"elementor-background-overlay\"><\/div>\n\t\t\t\t\t\t\t<div class=\"elementor-container elementor-column-gap-default\">\n\t\t\t\t\t<div class=\"elementor-column elementor-col-100 elementor-top-column elementor-element elementor-element-35463eb2\" data-id=\"35463eb2\" data-element_type=\"column\" data-e-type=\"column\">\n\t\t\t<div class=\"elementor-widget-wrap elementor-element-populated\">\n\t\t\t\t\t\t<div class=\"elementor-element elementor-element-715f2987 elementor-widget elementor-widget-heading\" data-id=\"715f2987\" data-element_type=\"widget\" data-e-type=\"widget\" data-widget_type=\"heading.default\">\n\t\t\t\t<div class=\"elementor-widget-container\">\n\t\t\t\t\t<h1 class=\"elementor-heading-title elementor-size-default\">Double deluxe room with balcony - sea view:<\/h1>\t\t\t\t<\/div>\n\t\t\t\t<\/div>\n\t\t\t\t<div class=\"elementor-element elementor-element-4558fb19 elementor-widget elementor-widget-text-editor\" data-id=\"4558fb19\" data-element_type=\"widget\" data-e-type=\"widget\" data-widget_type=\"text-editor.default\">\n\t\t\t\t<div class=\"elementor-widget-container\">\n\t\t\t\t\t\t\t\t\t<p>211 Euros<\/p>\t\t\t\t\t\t\t\t<\/div>\n\t\t\t\t<\/div>\n\t\t\t\t\t<\/div>\n\t\t<\/div>\n\t\t\t\t\t<\/div>\n\t\t<\/section>\n\t\t\t\t<section class=\"elementor-section elementor-top-section elementor-element elementor-element-142258c elementor-section-boxed elementor-section-height-default elementor-section-height-default\" data-id=\"142258c\" data-element_type=\"section\" data-e-type=\"section\">\n\t\t\t\t\t\t<div class=\"elementor-container elementor-column-gap-default\">\n\t\t\t\t\t<div class=\"elementor-column elementor-col-100 elementor-top-column elementor-element elementor-element-6ae1f17\" data-id=\"6ae1f17\" data-element_type=\"column\" data-e-type=\"column\">\n\t\t\t<div class=\"elementor-widget-wrap elementor-element-populated\">\n\t\t\t\t\t\t<div class=\"elementor-element elementor-element-33eb35b0 elementor-hidden-tablet elementor-hidden-mobile elementor-widget elementor-widget-spacer\" data-id=\"33eb35b0\" data-element_type=\"widget\" data-e-type=\"widget\" data-widget_type=\"spacer.default\">\n\t\t\t\t<div class=\"elementor-widget-container\">\n\t\t\t\t\t\t\t<div class=\"elementor-spacer\">\n\t\t\t<div class=\"elementor-spacer-inner\"><\/div>\n\t\t<\/div>\n\t\t\t\t\t\t<\/div>\n\t\t\t\t<\/div>\n\t\t\t\t\t<\/div>\n\t\t<\/div>\n\t\t\t\t\t<\/div>\n\t\t<\/section>\n\t\t\t\t<section class=\"elementor-section elementor-top-section elementor-element elementor-element-2b75d3a elementor-section-boxed elementor-section-height-default elementor-section-height-default\" data-id=\"2b75d3a\" data-element_type=\"section\" data-e-type=\"section\">\n\t\t\t\t\t\t<div class=\"elementor-container elementor-column-gap-extended\">\n\t\t\t\t\t<div class=\"elementor-column elementor-col-66 elementor-top-column elementor-element elementor-element-394f15af\" data-id=\"394f15af\" data-element_type=\"column\" data-e-type=\"column\">\n\t\t\t<div class=\"elementor-widget-wrap elementor-element-populated\">\n\t\t\t\t\t\t<div class=\"elementor-element elementor-element-533425a elementor-widget elementor-widget-heading\" data-id=\"533425a\" data-element_type=\"widget\" data-e-type=\"widget\" data-widget_type=\"heading.default\">\n\t\t\t\t<div class=\"elementor-widget-container\">\n\t\t\t\t\t<p class=\"elementor-heading-title elementor-size-default\">Description : <\/p>\t\t\t\t<\/div>\n\t\t\t\t<\/div>\n\t\t\t\t<div class=\"elementor-element elementor-element-4ca23524 elementor-widget elementor-widget-text-editor\" data-id=\"4ca23524\" data-element_type=\"widget\" data-e-type=\"widget\" data-widget_type=\"text-editor.default\">\n\t\t\t\t<div class=\"elementor-widget-container\">\n\t\t\t\t\t\t\t\t\t<p>Chambre munie de DOUCHE et LAVABO, WC.<\/p>\n<p>Appel\u00e9es ainsi car elles ont gard\u00e9 tous les attributs d\u2019un&nbsp;<strong>petit appartement<\/strong>&nbsp;(type A) et &nbsp;sont \u00e9quip\u00e9es de la <b>cuisine d\u2019origine Perriand pour le plaisir des yeux uniquement<\/b>. V\u00e9ritables&nbsp;<strong>chambres-mus\u00e9e<\/strong>, 32m2, parquets de ch\u00eane,&nbsp;<strong>douche cabine<\/strong>&nbsp;de la forme d\u2019origine (bateau), les ma\u00eetres des lieux vous expliqueront volontiers l\u2019esprit dans lequel elles ont \u00e9t\u00e9 con\u00e7ues. Elles jouissent d\u2018une&nbsp;<strong>vue splendide sur la rade de Marseille<\/strong>&nbsp;depuis le 3\u00e8me \u00e9tage de l\u2019immeuble. Elles peuvent accueillir jusqu\u2019\u00e0 4 personnes (selon disponibilit\u00e9s) Le prix indiqu\u00e9 est toujours pour l\u2019occupation d\u2019un lit double pour une 1 \u00e0 2 personnes , si le nombre de personnes est sup\u00e9rieur \u00e0 2 personnes , il faudra r\u00e9server 1 ou 2 lits suppl\u00e9mentaires.(30\u20ac\/lit)<\/p>\t\t\t\t\t\t\t\t<\/div>\n\t\t\t\t<\/div>\n\t\t\t\t<div class=\"elementor-element elementor-element-990975d elementor-widget elementor-widget-gallery\" data-id=\"990975d\" data-element_type=\"widget\" data-e-type=\"widget\" data-settings=\"{&quot;gallery_layout&quot;:&quot;masonry&quot;,&quot;columns&quot;:3,&quot;columns_mobile&quot;:2,&quot;lazyload&quot;:&quot;yes&quot;,&quot;columns_tablet&quot;:2,&quot;gap&quot;:{&quot;unit&quot;:&quot;px&quot;,&quot;size&quot;:10,&quot;sizes&quot;:[]},&quot;gap_tablet&quot;:{&quot;unit&quot;:&quot;px&quot;,&quot;size&quot;:10,&quot;sizes&quot;:[]},&quot;gap_mobile&quot;:{&quot;unit&quot;:&quot;px&quot;,&quot;size&quot;:10,&quot;sizes&quot;:[]},&quot;link_to&quot;:&quot;file&quot;,&quot;overlay_background&quot;:&quot;yes&quot;,&quot;content_hover_animation&quot;:&quot;fade-in&quot;}\" data-widget_type=\"gallery.default\">\n\t\t\t\t<div class=\"elementor-widget-container\">\n\t\t\t\t\t\t\t<div class=\"elementor-gallery__container\">\n\t\t\t\t\t\t\t<a class=\"e-gallery-item elementor-gallery-item elementor-animated-content\" href=\"https:\/\/www.hotellecorbusier.com\/wp-content\/uploads\/2024\/03\/20231116_124953-scaled.jpg\" data-elementor-open-lightbox=\"yes\" data-elementor-lightbox-slideshow=\"990975d\" data-elementor-lightbox-title=\"20231116_124953\" data-e-action-hash=\"#elementor-action%3Aaction%3Dlightbox%26settings%3DeyJpZCI6MjQxOTUsInVybCI6Imh0dHBzOlwvXC93d3cuaG90ZWxsZWNvcmJ1c2llci5jb21cL3dwLWNvbnRlbnRcL3VwbG9hZHNcLzIwMjRcLzAzXC8yMDIzMTExNl8xMjQ5NTMtc2NhbGVkLmpwZyIsInNsaWRlc2hvdyI6Ijk5MDk3NWQifQ%3D%3D\">\n\t\t\t\t\t<div class=\"e-gallery-image elementor-gallery-item__image\" data-thumbnail=\"https:\/\/www.hotellecorbusier.com\/wp-content\/uploads\/2024\/03\/20231116_124953-747x1536.jpg\" data-width=\"747\" data-height=\"1536\" aria-label=\"\" role=\"img\" ><\/div>\n\t\t\t\t\t\t\t\t\t\t\t<div class=\"elementor-gallery-item__overlay\"><\/div>\n\t\t\t\t\t\t\t\t\t\t\t\t\t\t<\/a>\n\t\t\t\t\t\t\t<a class=\"e-gallery-item elementor-gallery-item elementor-animated-content\" href=\"https:\/\/www.hotellecorbusier.com\/wp-content\/uploads\/2024\/03\/DSC49441.jpg\" data-elementor-open-lightbox=\"yes\" data-elementor-lightbox-slideshow=\"990975d\" data-elementor-lightbox-title=\"_DSC49441\" data-e-action-hash=\"#elementor-action%3Aaction%3Dlightbox%26settings%3DeyJpZCI6MjQxOTIsInVybCI6Imh0dHBzOlwvXC93d3cuaG90ZWxsZWNvcmJ1c2llci5jb21cL3dwLWNvbnRlbnRcL3VwbG9hZHNcLzIwMjRcLzAzXC9EU0M0OTQ0MS5qcGciLCJzbGlkZXNob3ciOiI5OTA5NzVkIn0%3D\">\n\t\t\t\t\t<div class=\"e-gallery-image elementor-gallery-item__image\" data-thumbnail=\"https:\/\/www.hotellecorbusier.com\/wp-content\/uploads\/2024\/03\/DSC49441-1536x1345.jpg\" data-width=\"1536\" data-height=\"1345\" aria-label=\"\" role=\"img\" ><\/div>\n\t\t\t\t\t\t\t\t\t\t\t<div class=\"elementor-gallery-item__overlay\"><\/div>\n\t\t\t\t\t\t\t\t\t\t\t\t\t\t<\/a>\n\t\t\t\t\t\t\t<a class=\"e-gallery-item elementor-gallery-item elementor-animated-content\" href=\"https:\/\/www.hotellecorbusier.com\/wp-content\/uploads\/2023\/03\/Chambre-double-deluxe-avec-balcon-\u2013-vue-mer-1-scaled.jpg\" data-elementor-open-lightbox=\"yes\" data-elementor-lightbox-slideshow=\"990975d\" data-elementor-lightbox-title=\"Chambre double deluxe avec balcon \u2013 vue mer (1)\" data-e-action-hash=\"#elementor-action%3Aaction%3Dlightbox%26settings%3DeyJpZCI6MjM2NzUsInVybCI6Imh0dHBzOlwvXC93d3cuaG90ZWxsZWNvcmJ1c2llci5jb21cL3dwLWNvbnRlbnRcL3VwbG9hZHNcLzIwMjNcLzAzXC9DaGFtYnJlLWRvdWJsZS1kZWx1eGUtYXZlYy1iYWxjb24tXHUyMDEzLXZ1ZS1tZXItMS1zY2FsZWQuanBnIiwic2xpZGVzaG93IjoiOTkwOTc1ZCJ9\">\n\t\t\t\t\t<div class=\"e-gallery-image elementor-gallery-item__image\" data-thumbnail=\"https:\/\/www.hotellecorbusier.com\/wp-content\/uploads\/2023\/03\/Chambre-double-deluxe-avec-balcon-\u2013-vue-mer-1-1536x1024.jpg\" data-width=\"1536\" data-height=\"1024\" aria-label=\"\" role=\"img\" ><\/div>\n\t\t\t\t\t\t\t\t\t\t\t<div class=\"elementor-gallery-item__overlay\"><\/div>\n\t\t\t\t\t\t\t\t\t\t\t\t\t\t<\/a>\n\t\t\t\t\t\t\t<a class=\"e-gallery-item elementor-gallery-item elementor-animated-content\" href=\"https:\/\/www.hotellecorbusier.com\/wp-content\/uploads\/2024\/03\/IMG_20230319_193817_330.jpg\" data-elementor-open-lightbox=\"yes\" data-elementor-lightbox-slideshow=\"990975d\" data-elementor-lightbox-title=\"IMG_20230319_193817_330\" data-e-action-hash=\"#elementor-action%3Aaction%3Dlightbox%26settings%3DeyJpZCI6MjQxOTQsInVybCI6Imh0dHBzOlwvXC93d3cuaG90ZWxsZWNvcmJ1c2llci5jb21cL3dwLWNvbnRlbnRcL3VwbG9hZHNcLzIwMjRcLzAzXC9JTUdfMjAyMzAzMTlfMTkzODE3XzMzMC5qcGciLCJzbGlkZXNob3ciOiI5OTA5NzVkIn0%3D\">\n\t\t\t\t\t<div class=\"e-gallery-image elementor-gallery-item__image\" data-thumbnail=\"https:\/\/www.hotellecorbusier.com\/wp-content\/uploads\/2024\/03\/IMG_20230319_193817_330.jpg\" data-width=\"1000\" data-height=\"1000\" aria-label=\"\" role=\"img\" ><\/div>\n\t\t\t\t\t\t\t\t\t\t\t<div class=\"elementor-gallery-item__overlay\"><\/div>\n\t\t\t\t\t\t\t\t\t\t\t\t\t\t<\/a>\n\t\t\t\t\t\t\t<a class=\"e-gallery-item elementor-gallery-item elementor-animated-content\" href=\"https:\/\/www.hotellecorbusier.com\/wp-content\/uploads\/2023\/03\/Chambre-double-deluxe-avec-balcon-\u2013-vue-mer-2-scaled.jpg\" data-elementor-open-lightbox=\"yes\" data-elementor-lightbox-slideshow=\"990975d\" data-elementor-lightbox-title=\"Chambre double deluxe avec balcon \u2013 vue mer (2)\" data-e-action-hash=\"#elementor-action%3Aaction%3Dlightbox%26settings%3DeyJpZCI6MjM2NzYsInVybCI6Imh0dHBzOlwvXC93d3cuaG90ZWxsZWNvcmJ1c2llci5jb21cL3dwLWNvbnRlbnRcL3VwbG9hZHNcLzIwMjNcLzAzXC9DaGFtYnJlLWRvdWJsZS1kZWx1eGUtYXZlYy1iYWxjb24tXHUyMDEzLXZ1ZS1tZXItMi1zY2FsZWQuanBnIiwic2xpZGVzaG93IjoiOTkwOTc1ZCJ9\">\n\t\t\t\t\t<div class=\"e-gallery-image elementor-gallery-item__image\" data-thumbnail=\"https:\/\/www.hotellecorbusier.com\/wp-content\/uploads\/2023\/03\/Chambre-double-deluxe-avec-balcon-\u2013-vue-mer-2-1536x975.jpg\" data-width=\"1536\" data-height=\"975\" aria-label=\"\" role=\"img\" ><\/div>\n\t\t\t\t\t\t\t\t\t\t\t<div class=\"elementor-gallery-item__overlay\"><\/div>\n\t\t\t\t\t\t\t\t\t\t\t\t\t\t<\/a>\n\t\t\t\t\t\t\t<a class=\"e-gallery-item elementor-gallery-item elementor-animated-content\" href=\"https:\/\/www.hotellecorbusier.com\/wp-content\/uploads\/2023\/03\/Chambre-double-deluxe-avec-balcon-\u2013-vue-mer-4-scaled.jpg\" data-elementor-open-lightbox=\"yes\" data-elementor-lightbox-slideshow=\"990975d\" data-elementor-lightbox-title=\"Chambre double deluxe avec balcon \u2013 vue mer (4)\" data-e-action-hash=\"#elementor-action%3Aaction%3Dlightbox%26settings%3DeyJpZCI6MjM2NzgsInVybCI6Imh0dHBzOlwvXC93d3cuaG90ZWxsZWNvcmJ1c2llci5jb21cL3dwLWNvbnRlbnRcL3VwbG9hZHNcLzIwMjNcLzAzXC9DaGFtYnJlLWRvdWJsZS1kZWx1eGUtYXZlYy1iYWxjb24tXHUyMDEzLXZ1ZS1tZXItNC1zY2FsZWQuanBnIiwic2xpZGVzaG93IjoiOTkwOTc1ZCJ9\">\n\t\t\t\t\t<div class=\"e-gallery-image elementor-gallery-item__image\" data-thumbnail=\"https:\/\/www.hotellecorbusier.com\/wp-content\/uploads\/2023\/03\/Chambre-double-deluxe-avec-balcon-\u2013-vue-mer-4-1536x1024.jpg\" data-width=\"1536\" data-height=\"1024\" aria-label=\"\" role=\"img\" ><\/div>\n\t\t\t\t\t\t\t\t\t\t\t<div class=\"elementor-gallery-item__overlay\"><\/div>\n\t\t\t\t\t\t\t\t\t\t\t\t\t\t<\/a>\n\t\t\t\t\t\t\t<a class=\"e-gallery-item elementor-gallery-item elementor-animated-content\" href=\"https:\/\/www.hotellecorbusier.com\/wp-content\/uploads\/2024\/03\/DSC49631.jpg\" data-elementor-open-lightbox=\"yes\" data-elementor-lightbox-slideshow=\"990975d\" data-elementor-lightbox-title=\"_DSC49631\" data-e-action-hash=\"#elementor-action%3Aaction%3Dlightbox%26settings%3DeyJpZCI6MjQxOTMsInVybCI6Imh0dHBzOlwvXC93d3cuaG90ZWxsZWNvcmJ1c2llci5jb21cL3dwLWNvbnRlbnRcL3VwbG9hZHNcLzIwMjRcLzAzXC9EU0M0OTYzMS5qcGciLCJzbGlkZXNob3ciOiI5OTA5NzVkIn0%3D\">\n\t\t\t\t\t<div class=\"e-gallery-image elementor-gallery-item__image\" data-thumbnail=\"https:\/\/www.hotellecorbusier.com\/wp-content\/uploads\/2024\/03\/DSC49631-1227x1536.jpg\" data-width=\"1227\" data-height=\"1536\" aria-label=\"\" role=\"img\" ><\/div>\n\t\t\t\t\t\t\t\t\t\t\t<div class=\"elementor-gallery-item__overlay\"><\/div>\n\t\t\t\t\t\t\t\t\t\t\t\t\t\t<\/a>\n\t\t\t\t\t\t\t<a class=\"e-gallery-item elementor-gallery-item elementor-animated-content\" href=\"https:\/\/www.hotellecorbusier.com\/wp-content\/uploads\/2023\/03\/Chambre-double-deluxe-avec-balcon-\u2013-vue-mer-5-scaled.jpg\" data-elementor-open-lightbox=\"yes\" data-elementor-lightbox-slideshow=\"990975d\" data-elementor-lightbox-title=\"Chambre double deluxe avec balcon \u2013 vue mer (5)\" data-e-action-hash=\"#elementor-action%3Aaction%3Dlightbox%26settings%3DeyJpZCI6MjM2NzksInVybCI6Imh0dHBzOlwvXC93d3cuaG90ZWxsZWNvcmJ1c2llci5jb21cL3dwLWNvbnRlbnRcL3VwbG9hZHNcLzIwMjNcLzAzXC9DaGFtYnJlLWRvdWJsZS1kZWx1eGUtYXZlYy1iYWxjb24tXHUyMDEzLXZ1ZS1tZXItNS1zY2FsZWQuanBnIiwic2xpZGVzaG93IjoiOTkwOTc1ZCJ9\">\n\t\t\t\t\t<div class=\"e-gallery-image elementor-gallery-item__image\" data-thumbnail=\"https:\/\/www.hotellecorbusier.com\/wp-content\/uploads\/2023\/03\/Chambre-double-deluxe-avec-balcon-\u2013-vue-mer-5-1536x986.jpg\" data-width=\"1536\" data-height=\"986\" aria-label=\"\" role=\"img\" ><\/div>\n\t\t\t\t\t\t\t\t\t\t\t<div class=\"elementor-gallery-item__overlay\"><\/div>\n\t\t\t\t\t\t\t\t\t\t\t\t\t\t<\/a>\n\t\t\t\t\t\t\t<a class=\"e-gallery-item elementor-gallery-item elementor-animated-content\" href=\"https:\/\/www.hotellecorbusier.com\/wp-content\/uploads\/2023\/03\/Chambre-double-deluxe-avec-balcon-\u2013-vue-mer-6-scaled.jpg\" data-elementor-open-lightbox=\"yes\" data-elementor-lightbox-slideshow=\"990975d\" data-elementor-lightbox-title=\"Chambre double deluxe avec balcon \u2013 vue mer (6)\" data-e-action-hash=\"#elementor-action%3Aaction%3Dlightbox%26settings%3DeyJpZCI6MjM2ODAsInVybCI6Imh0dHBzOlwvXC93d3cuaG90ZWxsZWNvcmJ1c2llci5jb21cL3dwLWNvbnRlbnRcL3VwbG9hZHNcLzIwMjNcLzAzXC9DaGFtYnJlLWRvdWJsZS1kZWx1eGUtYXZlYy1iYWxjb24tXHUyMDEzLXZ1ZS1tZXItNi1zY2FsZWQuanBnIiwic2xpZGVzaG93IjoiOTkwOTc1ZCJ9\">\n\t\t\t\t\t<div class=\"e-gallery-image elementor-gallery-item__image\" data-thumbnail=\"https:\/\/www.hotellecorbusier.com\/wp-content\/uploads\/2023\/03\/Chambre-double-deluxe-avec-balcon-\u2013-vue-mer-6-1536x972.jpg\" data-width=\"1536\" data-height=\"972\" aria-label=\"\" role=\"img\" ><\/div>\n\t\t\t\t\t\t\t\t\t\t\t<div class=\"elementor-gallery-item__overlay\"><\/div>\n\t\t\t\t\t\t\t\t\t\t\t\t\t\t<\/a>\n\t\t\t\t\t\t\t<a class=\"e-gallery-item elementor-gallery-item elementor-animated-content\" href=\"https:\/\/www.hotellecorbusier.com\/wp-content\/uploads\/2023\/03\/Chambre-double-deluxe-avec-balcon-\u2013-vue-mer-7-scaled.jpg\" data-elementor-open-lightbox=\"yes\" data-elementor-lightbox-slideshow=\"990975d\" data-elementor-lightbox-title=\"Chambre double deluxe avec balcon \u2013 vue mer (7)\" data-e-action-hash=\"#elementor-action%3Aaction%3Dlightbox%26settings%3DeyJpZCI6MjM2ODEsInVybCI6Imh0dHBzOlwvXC93d3cuaG90ZWxsZWNvcmJ1c2llci5jb21cL3dwLWNvbnRlbnRcL3VwbG9hZHNcLzIwMjNcLzAzXC9DaGFtYnJlLWRvdWJsZS1kZWx1eGUtYXZlYy1iYWxjb24tXHUyMDEzLXZ1ZS1tZXItNy1zY2FsZWQuanBnIiwic2xpZGVzaG93IjoiOTkwOTc1ZCJ9\">\n\t\t\t\t\t<div class=\"e-gallery-image elementor-gallery-item__image\" data-thumbnail=\"https:\/\/www.hotellecorbusier.com\/wp-content\/uploads\/2023\/03\/Chambre-double-deluxe-avec-balcon-\u2013-vue-mer-7-1536x1026.jpg\" data-width=\"1536\" data-height=\"1026\" aria-label=\"\" role=\"img\" ><\/div>\n\t\t\t\t\t\t\t\t\t\t\t<div class=\"elementor-gallery-item__overlay\"><\/div>\n\t\t\t\t\t\t\t\t\t\t\t\t\t\t<\/a>\n\t\t\t\t\t\t\t<a class=\"e-gallery-item elementor-gallery-item elementor-animated-content\" href=\"https:\/\/www.hotellecorbusier.com\/wp-content\/uploads\/2023\/03\/Chambre-double-deluxe-avec-balcon-\u2013-vue-mer-8-scaled.jpg\" data-elementor-open-lightbox=\"yes\" data-elementor-lightbox-slideshow=\"990975d\" data-elementor-lightbox-title=\"Chambre double deluxe avec balcon \u2013 vue mer (8)\" data-e-action-hash=\"#elementor-action%3Aaction%3Dlightbox%26settings%3DeyJpZCI6MjM2ODIsInVybCI6Imh0dHBzOlwvXC93d3cuaG90ZWxsZWNvcmJ1c2llci5jb21cL3dwLWNvbnRlbnRcL3VwbG9hZHNcLzIwMjNcLzAzXC9DaGFtYnJlLWRvdWJsZS1kZWx1eGUtYXZlYy1iYWxjb24tXHUyMDEzLXZ1ZS1tZXItOC1zY2FsZWQuanBnIiwic2xpZGVzaG93IjoiOTkwOTc1ZCJ9\">\n\t\t\t\t\t<div class=\"e-gallery-image elementor-gallery-item__image\" data-thumbnail=\"https:\/\/www.hotellecorbusier.com\/wp-content\/uploads\/2023\/03\/Chambre-double-deluxe-avec-balcon-\u2013-vue-mer-8-1536x1024.jpg\" data-width=\"1536\" data-height=\"1024\" aria-label=\"\" role=\"img\" ><\/div>\n\t\t\t\t\t\t\t\t\t\t\t<div class=\"elementor-gallery-item__overlay\"><\/div>\n\t\t\t\t\t\t\t\t\t\t\t\t\t\t<\/a>\n\t\t\t\t\t\t\t<a class=\"e-gallery-item elementor-gallery-item elementor-animated-content\" href=\"https:\/\/www.hotellecorbusier.com\/wp-content\/uploads\/2023\/03\/Chambre-double-deluxe-avec-balcon-\u2013-vue-mer-9-scaled.jpg\" data-elementor-open-lightbox=\"yes\" data-elementor-lightbox-slideshow=\"990975d\" data-elementor-lightbox-title=\"Chambre double deluxe avec balcon \u2013 vue mer (9)\" data-e-action-hash=\"#elementor-action%3Aaction%3Dlightbox%26settings%3DeyJpZCI6MjM2ODMsInVybCI6Imh0dHBzOlwvXC93d3cuaG90ZWxsZWNvcmJ1c2llci5jb21cL3dwLWNvbnRlbnRcL3VwbG9hZHNcLzIwMjNcLzAzXC9DaGFtYnJlLWRvdWJsZS1kZWx1eGUtYXZlYy1iYWxjb24tXHUyMDEzLXZ1ZS1tZXItOS1zY2FsZWQuanBnIiwic2xpZGVzaG93IjoiOTkwOTc1ZCJ9\">\n\t\t\t\t\t<div class=\"e-gallery-image elementor-gallery-item__image\" data-thumbnail=\"https:\/\/www.hotellecorbusier.com\/wp-content\/uploads\/2023\/03\/Chambre-double-deluxe-avec-balcon-\u2013-vue-mer-9-1536x933.jpg\" data-width=\"1536\" data-height=\"933\" aria-label=\"\" role=\"img\" ><\/div>\n\t\t\t\t\t\t\t\t\t\t\t<div class=\"elementor-gallery-item__overlay\"><\/div>\n\t\t\t\t\t\t\t\t\t\t\t\t\t\t<\/a>\n\t\t\t\t\t\t\t<a class=\"e-gallery-item elementor-gallery-item elementor-animated-content\" href=\"https:\/\/www.hotellecorbusier.com\/wp-content\/uploads\/2023\/03\/Chambre-double-deluxe-avec-balcon-\u2013-vue-mer-10-scaled.jpg\" data-elementor-open-lightbox=\"yes\" data-elementor-lightbox-slideshow=\"990975d\" data-elementor-lightbox-title=\"Chambre double deluxe avec balcon \u2013 vue mer (10)\" data-e-action-hash=\"#elementor-action%3Aaction%3Dlightbox%26settings%3DeyJpZCI6MjM2ODQsInVybCI6Imh0dHBzOlwvXC93d3cuaG90ZWxsZWNvcmJ1c2llci5jb21cL3dwLWNvbnRlbnRcL3VwbG9hZHNcLzIwMjNcLzAzXC9DaGFtYnJlLWRvdWJsZS1kZWx1eGUtYXZlYy1iYWxjb24tXHUyMDEzLXZ1ZS1tZXItMTAtc2NhbGVkLmpwZyIsInNsaWRlc2hvdyI6Ijk5MDk3NWQifQ%3D%3D\">\n\t\t\t\t\t<div class=\"e-gallery-image elementor-gallery-item__image\" data-thumbnail=\"https:\/\/www.hotellecorbusier.com\/wp-content\/uploads\/2023\/03\/Chambre-double-deluxe-avec-balcon-\u2013-vue-mer-10-1536x975.jpg\" data-width=\"1536\" data-height=\"975\" aria-label=\"\" role=\"img\" ><\/div>\n\t\t\t\t\t\t\t\t\t\t\t<div class=\"elementor-gallery-item__overlay\"><\/div>\n\t\t\t\t\t\t\t\t\t\t\t\t\t\t<\/a>\n\t\t\t\t\t<\/div>\n\t\t\t\t\t<\/div>\n\t\t\t\t<\/div>\n\t\t\t\t\t<\/div>\n\t\t<\/div>\n\t\t\t\t<div class=\"elementor-column elementor-col-33 elementor-top-column elementor-element elementor-element-36edf4fb\" data-id=\"36edf4fb\" data-element_type=\"column\" data-e-type=\"column\" data-settings=\"{&quot;background_background&quot;:&quot;classic&quot;}\">\n\t\t\t<div class=\"elementor-widget-wrap elementor-element-populated\">\n\t\t\t\t\t\t<div class=\"elementor-element elementor-element-53eb30a5 elementor-widget elementor-widget-heading\" data-id=\"53eb30a5\" data-element_type=\"widget\" data-e-type=\"widget\" data-widget_type=\"heading.default\">\n\t\t\t\t<div class=\"elementor-widget-container\">\n\t\t\t\t\t<h3 class=\"elementor-heading-title elementor-size-default\">Why us?<\/h3>\t\t\t\t<\/div>\n\t\t\t\t<\/div>\n\t\t\t\t<div class=\"elementor-element elementor-element-348bc39 elementor-widget elementor-widget-text-editor\" data-id=\"348bc39\" data-element_type=\"widget\" data-e-type=\"widget\" data-widget_type=\"text-editor.default\">\n\t\t\t\t<div class=\"elementor-widget-container\">\n\t\t\t\t\t\t\t\t\t<ul>\n<li>The only hotel in the world in a Le Corbusier building<\/li>\n<\/ul>\n<ul>\n<li>Chambre cabine \u00e0 partir de 101\u20ac (selon la saison)<\/li>\n<\/ul>\n<ul>\n<li>Room for up to 4 people (with supplement)<\/li>\n<\/ul>\n<ul>\n<li>An exceptional sea view<\/li>\n<\/ul>\n<ul>\n<li>A gastronomic restaurant<\/li>\n<\/ul>\n<ul>\n<li>A unique place for seminars and business meals<\/li>\n<\/ul>\n<ul>\n<li>Tennis, solarium, free children's pool<\/li>\n<\/ul>\n<ul>\n<li>Park of 4 hectares and playground for children<\/li>\n<\/ul>\n<ul>\n<li>Free parking<\/li>\n<\/ul>\t\t\t\t\t\t\t\t<\/div>\n\t\t\t\t<\/div>\n\t\t\t\t\t<\/div>\n\t\t<\/div>\n\t\t\t\t\t<\/div>\n\t\t<\/section>\n\t\t\t\t<section class=\"elementor-section elementor-top-section elementor-element elementor-element-70fe8c95 elementor-section-boxed elementor-section-height-default elementor-section-height-default\" data-id=\"70fe8c95\" data-element_type=\"section\" data-e-type=\"section\">\n\t\t\t\t\t\t<div class=\"elementor-container elementor-column-gap-default\">\n\t\t\t\t\t<div class=\"elementor-column elementor-col-100 elementor-top-column elementor-element elementor-element-411e4caf\" data-id=\"411e4caf\" data-element_type=\"column\" data-e-type=\"column\">\n\t\t\t<div class=\"elementor-widget-wrap elementor-element-populated\">\n\t\t\t\t\t\t<div class=\"elementor-element elementor-element-706158f9 elementor-hidden-tablet elementor-hidden-mobile elementor-widget elementor-widget-spacer\" data-id=\"706158f9\" data-element_type=\"widget\" data-e-type=\"widget\" data-widget_type=\"spacer.default\">\n\t\t\t\t<div class=\"elementor-widget-container\">\n\t\t\t\t\t\t\t<div class=\"elementor-spacer\">\n\t\t\t<div class=\"elementor-spacer-inner\"><\/div>\n\t\t<\/div>\n\t\t\t\t\t\t<\/div>\n\t\t\t\t<\/div>\n\t\t\t\t\t<\/div>\n\t\t<\/div>\n\t\t\t\t\t<\/div>\n\t\t<\/section>\n\t\t\t\t<section class=\"elementor-section elementor-top-section elementor-element elementor-element-1a062ee0 elementor-section-boxed elementor-section-height-default elementor-section-height-default\" data-id=\"1a062ee0\" data-element_type=\"section\" data-e-type=\"section\" data-settings=\"{&quot;background_background&quot;:&quot;classic&quot;}\">\n\t\t\t\t\t\t\t<div class=\"elementor-background-overlay\"><\/div>\n\t\t\t\t\t\t\t<div class=\"elementor-container elementor-column-gap-no\">\n\t\t\t\t\t<div class=\"elementor-column elementor-col-100 elementor-top-column elementor-element elementor-element-7588228c\" data-id=\"7588228c\" data-element_type=\"column\" data-e-type=\"column\">\n\t\t\t<div class=\"elementor-widget-wrap elementor-element-populated\">\n\t\t\t\t\t\t<div class=\"elementor-element elementor-element-12a0569 elementor-widget elementor-widget-heading\" data-id=\"12a0569\" data-element_type=\"widget\" data-e-type=\"widget\" data-widget_type=\"heading.default\">\n\t\t\t\t<div class=\"elementor-widget-container\">\n\t\t\t\t\t<h2 class=\"elementor-heading-title elementor-size-default\">Le Corbusier Hotel\n<\/h2>\t\t\t\t<\/div>\n\t\t\t\t<\/div>\n\t\t\t\t<div class=\"elementor-element elementor-element-c31bd3b elementor-widget elementor-widget-text-editor\" data-id=\"c31bd3b\" data-element_type=\"widget\" data-e-type=\"widget\" data-widget_type=\"text-editor.default\">\n\t\t\t\t<div class=\"elementor-widget-container\">\n\t\t\t\t\t\t\t\t\t<p>280 Boulevard Michelet, 13008 Marseille<\/p>\t\t\t\t\t\t\t\t<\/div>\n\t\t\t\t<\/div>\n\t\t\t\t<div class=\"elementor-element elementor-element-3110b57 elementor-widget elementor-widget-heading\" data-id=\"3110b57\" data-element_type=\"widget\" data-e-type=\"widget\" data-widget_type=\"heading.default\">\n\t\t\t\t<div class=\"elementor-widget-container\">\n\t\t\t\t\t<p class=\"elementor-heading-title elementor-size-default\">BOOK YOUR STAY BY PHONE <\/p>\t\t\t\t<\/div>\n\t\t\t\t<\/div>\n\t\t\t\t<div class=\"elementor-element elementor-element-590fb616 elementor-align-center elementor-icon-list--layout-traditional elementor-list-item-link-full_width elementor-widget elementor-widget-icon-list\" data-id=\"590fb616\" data-element_type=\"widget\" data-e-type=\"widget\" data-widget_type=\"icon-list.default\">\n\t\t\t\t<div class=\"elementor-widget-container\">\n\t\t\t\t\t\t\t<ul class=\"elementor-icon-list-items\">\n\t\t\t\t\t\t\t<li class=\"elementor-icon-list-item\">\n\t\t\t\t\t\t\t\t\t\t\t<span class=\"elementor-icon-list-icon\">\n\t\t\t\t\t\t\t<i aria-hidden=\"true\" class=\"fas fa-phone-alt\"><\/i>\t\t\t\t\t\t<\/span>\n\t\t\t\t\t\t\t\t\t\t<span class=\"elementor-icon-list-text\">04 91 16 78 00<\/span>\n\t\t\t\t\t\t\t\t\t<\/li>\n\t\t\t\t\t\t<\/ul>\n\t\t\t\t\t\t<\/div>\n\t\t\t\t<\/div>\n\t\t\t\t\t<\/div>\n\t\t<\/div>\n\t\t\t\t\t<\/div>\n\t\t<\/section>\n\t\t\t\t<\/div>","protected":false},"excerpt":{"rendered":"<p>Chambre double deluxe avec balcon \u2013 vue mer : 211 Euros Description : Chambre munie de DOUCHE et LAVABO, WC. Appel\u00e9es ainsi car elles ont gard\u00e9 tous les attributs d\u2019un&nbsp;petit appartement&nbsp;(type A) et &nbsp;sont \u00e9quip\u00e9es de la cuisine d\u2019origine Perriand pour le plaisir des yeux uniquement. V\u00e9ritables&nbsp;chambres-mus\u00e9e, 32m2, parquets de ch\u00eane,&nbsp;douche cabine&nbsp;de la forme d\u2019origine [&hellip;]<\/p>\n","protected":false},"author":1,"featured_media":0,"parent":0,"menu_order":0,"comment_status":"closed","ping_status":"closed","template":"","meta":{"site-sidebar-layout":"no-sidebar","site-content-layout":"page-builder","ast-site-content-layout":"full-width-container","site-content-style":"unboxed","site-sidebar-style":"unboxed","ast-global-header-display":"","ast-banner-title-visibility":"","ast-main-header-display":"","ast-hfb-above-header-display":"","ast-hfb-below-header-display":"","ast-hfb-mobile-header-display":"","site-post-title":"disabled","ast-breadcrumbs-content":"","ast-featured-img":"disabled","footer-sml-layout":"","ast-disable-related-posts":"","theme-transparent-header-meta":"default","adv-header-id-meta":"","stick-header-meta":"","header-above-stick-meta":"","header-main-stick-meta":"","header-below-stick-meta":"","astra-migrate-meta-layouts":"set","ast-page-background-enabled":"default","ast-page-background-meta":{"desktop":{"background-color":"","background-image":"","background-repeat":"repeat","background-position":"center center","background-size":"auto","background-attachment":"scroll","background-type":"","background-media":"","overlay-type":"","overlay-color":"","overlay-opacity":"","overlay-gradient":""},"tablet":{"background-color":"","background-image":"","background-repeat":"repeat","background-position":"center center","background-size":"auto","background-attachment":"scroll","background-type":"","background-media":"","overlay-type":"","overlay-color":"","overlay-opacity":"","overlay-gradient":""},"mobile":{"background-color":"","background-image":"","background-repeat":"repeat","background-position":"center center","background-size":"auto","background-attachment":"scroll","background-type":"","background-media":"","overlay-type":"","overlay-color":"","overlay-opacity":"","overlay-gradient":""}},"ast-content-background-meta":{"desktop":{"background-color":"var(--ast-global-color-5)","background-image":"","background-repeat":"repeat","background-position":"center center","background-size":"auto","background-attachment":"scroll","background-type":"","background-media":"","overlay-type":"","overlay-color":"","overlay-opacity":"","overlay-gradient":""},"tablet":{"background-color":"var(--ast-global-color-5)","background-image":"","background-repeat":"repeat","background-position":"center center","background-size":"auto","background-attachment":"scroll","background-type":"","background-media":"","overlay-type":"","overlay-color":"","overlay-opacity":"","overlay-gradient":""},"mobile":{"background-color":"var(--ast-global-color-5)","background-image":"","background-repeat":"repeat","background-position":"center center","background-size":"auto","background-attachment":"scroll","background-type":"","background-media":"","overlay-type":"","overlay-color":"","overlay-opacity":"","overlay-gradient":""}},"footnotes":""},"class_list":["post-22668","page","type-page","status-publish","hentry"],"yoast_head":"<!-- This site is optimized with the Yoast SEO plugin v27.5 - https:\/\/yoast.com\/product\/yoast-seo-wordpress\/ -->\n<title>Chambre double deluxe avec balcon \u2013 vue mer - La mus\u00e9e 211 euros -<\/title>\n<meta name=\"robots\" content=\"index, follow, max-snippet:-1, max-image-preview:large, max-video-preview:-1\" \/>\n<link rel=\"canonical\" href=\"https:\/\/www.hotellecorbusier.com\/en\/chambre-double-deluxe-avec-balcon-vue-mer-la-musee-186-euros\/\" \/>\n<meta name=\"twitter:label1\" content=\"Est. reading time\" \/>\n\t<meta name=\"twitter:data1\" content=\"2 minutes\" \/>\n<script type=\"application\/ld+json\" class=\"yoast-schema-graph\">{\"@context\":\"https:\\\/\\\/schema.org\",\"@graph\":[{\"@type\":\"WebPage\",\"@id\":\"https:\\\/\\\/www.hotellecorbusier.com\\\/chambre-double-deluxe-avec-balcon-vue-mer-la-musee-186-euros\\\/\",\"url\":\"https:\\\/\\\/www.hotellecorbusier.com\\\/chambre-double-deluxe-avec-balcon-vue-mer-la-musee-186-euros\\\/\",\"name\":\"Chambre double deluxe avec balcon \u2013 vue mer - La mus\u00e9e 211 euros -\",\"isPartOf\":{\"@id\":\"https:\\\/\\\/www.hotellecorbusier.com\\\/#website\"},\"datePublished\":\"2022-04-22T13:44:24+00:00\",\"dateModified\":\"2025-07-11T14:05:27+00:00\",\"breadcrumb\":{\"@id\":\"https:\\\/\\\/www.hotellecorbusier.com\\\/chambre-double-deluxe-avec-balcon-vue-mer-la-musee-186-euros\\\/#breadcrumb\"},\"inLanguage\":\"en-US\",\"potentialAction\":[{\"@type\":\"ReadAction\",\"target\":[\"https:\\\/\\\/www.hotellecorbusier.com\\\/chambre-double-deluxe-avec-balcon-vue-mer-la-musee-186-euros\\\/\"]}]},{\"@type\":\"BreadcrumbList\",\"@id\":\"https:\\\/\\\/www.hotellecorbusier.com\\\/chambre-double-deluxe-avec-balcon-vue-mer-la-musee-186-euros\\\/#breadcrumb\",\"itemListElement\":[{\"@type\":\"ListItem\",\"position\":1,\"name\":\"Accueil\",\"item\":\"https:\\\/\\\/www.hotellecorbusier.com\\\/\"},{\"@type\":\"ListItem\",\"position\":2,\"name\":\"Chambre double deluxe avec balcon \u2013 vue mer &#8211; La mus\u00e9e 211 euros\"}]},{\"@type\":\"WebSite\",\"@id\":\"https:\\\/\\\/www.hotellecorbusier.com\\\/#website\",\"url\":\"https:\\\/\\\/www.hotellecorbusier.com\\\/\",\"name\":\"H\u00f4tel LE CORBUSIER\",\"description\":\"Meilleur prix sur internet garanti TOUJOURS MOINS CHER QUE BOOKING! R\u00e9servez en ligne maintenant sur le SITE OFFICIEL BOOK NOW, ALWAYS CHEAPER THAN BOOKING\",\"publisher\":{\"@id\":\"https:\\\/\\\/www.hotellecorbusier.com\\\/#organization\"},\"potentialAction\":[{\"@type\":\"SearchAction\",\"target\":{\"@type\":\"EntryPoint\",\"urlTemplate\":\"https:\\\/\\\/www.hotellecorbusier.com\\\/?s={search_term_string}\"},\"query-input\":{\"@type\":\"PropertyValueSpecification\",\"valueRequired\":true,\"valueName\":\"search_term_string\"}}],\"inLanguage\":\"en-US\"},{\"@type\":\"Organization\",\"@id\":\"https:\\\/\\\/www.hotellecorbusier.com\\\/#organization\",\"name\":\"H\u00f4tel LE CORBUSIER\",\"url\":\"https:\\\/\\\/www.hotellecorbusier.com\\\/\",\"logo\":{\"@type\":\"ImageObject\",\"inLanguage\":\"en-US\",\"@id\":\"https:\\\/\\\/www.hotellecorbusier.com\\\/#\\\/schema\\\/logo\\\/image\\\/\",\"url\":\"https:\\\/\\\/www.hotellecorbusier.com\\\/wp-content\\\/uploads\\\/2016\\\/08\\\/logo-corbusier_02.png\",\"contentUrl\":\"https:\\\/\\\/www.hotellecorbusier.com\\\/wp-content\\\/uploads\\\/2016\\\/08\\\/logo-corbusier_02.png\",\"width\":396,\"height\":190,\"caption\":\"H\u00f4tel LE CORBUSIER\"},\"image\":{\"@id\":\"https:\\\/\\\/www.hotellecorbusier.com\\\/#\\\/schema\\\/logo\\\/image\\\/\"}}]}<\/script>\n<!-- \/ Yoast SEO plugin. -->","yoast_head_json":{"title":"Chambre double deluxe avec balcon \u2013 vue mer - La mus\u00e9e 211 euros -","robots":{"index":"index","follow":"follow","max-snippet":"max-snippet:-1","max-image-preview":"max-image-preview:large","max-video-preview":"max-video-preview:-1"},"canonical":"https:\/\/www.hotellecorbusier.com\/en\/chambre-double-deluxe-avec-balcon-vue-mer-la-musee-186-euros\/","twitter_misc":{"Est. reading time":"2 minutes"},"schema":{"@context":"https:\/\/schema.org","@graph":[{"@type":"WebPage","@id":"https:\/\/www.hotellecorbusier.com\/chambre-double-deluxe-avec-balcon-vue-mer-la-musee-186-euros\/","url":"https:\/\/www.hotellecorbusier.com\/chambre-double-deluxe-avec-balcon-vue-mer-la-musee-186-euros\/","name":"Chambre double deluxe avec balcon \u2013 vue mer - La mus\u00e9e 211 euros -","isPartOf":{"@id":"https:\/\/www.hotellecorbusier.com\/#website"},"datePublished":"2022-04-22T13:44:24+00:00","dateModified":"2025-07-11T14:05:27+00:00","breadcrumb":{"@id":"https:\/\/www.hotellecorbusier.com\/chambre-double-deluxe-avec-balcon-vue-mer-la-musee-186-euros\/#breadcrumb"},"inLanguage":"en-US","potentialAction":[{"@type":"ReadAction","target":["https:\/\/www.hotellecorbusier.com\/chambre-double-deluxe-avec-balcon-vue-mer-la-musee-186-euros\/"]}]},{"@type":"BreadcrumbList","@id":"https:\/\/www.hotellecorbusier.com\/chambre-double-deluxe-avec-balcon-vue-mer-la-musee-186-euros\/#breadcrumb","itemListElement":[{"@type":"ListItem","position":1,"name":"Accueil","item":"https:\/\/www.hotellecorbusier.com\/"},{"@type":"ListItem","position":2,"name":"Chambre double deluxe avec balcon \u2013 vue mer &#8211; La mus\u00e9e 211 euros"}]},{"@type":"WebSite","@id":"https:\/\/www.hotellecorbusier.com\/#website","url":"https:\/\/www.hotellecorbusier.com\/","name":"Le Corbusier Hotel","description":"Meilleur prix sur internet garanti TOUJOURS MOINS CHER QUE BOOKING! R\u00e9servez en ligne maintenant sur le SITE OFFICIEL BOOK NOW, ALWAYS CHEAPER THAN BOOKING","publisher":{"@id":"https:\/\/www.hotellecorbusier.com\/#organization"},"potentialAction":[{"@type":"SearchAction","target":{"@type":"EntryPoint","urlTemplate":"https:\/\/www.hotellecorbusier.com\/?s={search_term_string}"},"query-input":{"@type":"PropertyValueSpecification","valueRequired":true,"valueName":"search_term_string"}}],"inLanguage":"en-US"},{"@type":"Organization","@id":"https:\/\/www.hotellecorbusier.com\/#organization","name":"Le Corbusier Hotel","url":"https:\/\/www.hotellecorbusier.com\/","logo":{"@type":"ImageObject","inLanguage":"en-US","@id":"https:\/\/www.hotellecorbusier.com\/#\/schema\/logo\/image\/","url":"https:\/\/www.hotellecorbusier.com\/wp-content\/uploads\/2016\/08\/logo-corbusier_02.png","contentUrl":"https:\/\/www.hotellecorbusier.com\/wp-content\/uploads\/2016\/08\/logo-corbusier_02.png","width":396,"height":190,"caption":"H\u00f4tel LE CORBUSIER"},"image":{"@id":"https:\/\/www.hotellecorbusier.com\/#\/schema\/logo\/image\/"}}]}},"_links":{"self":[{"href":"https:\/\/www.hotellecorbusier.com\/en\/wp-json\/wp\/v2\/pages\/22668","targetHints":{"allow":["GET"]}}],"collection":[{"href":"https:\/\/www.hotellecorbusier.com\/en\/wp-json\/wp\/v2\/pages"}],"about":[{"href":"https:\/\/www.hotellecorbusier.com\/en\/wp-json\/wp\/v2\/types\/page"}],"author":[{"embeddable":true,"href":"https:\/\/www.hotellecorbusier.com\/en\/wp-json\/wp\/v2\/users\/1"}],"replies":[{"embeddable":true,"href":"https:\/\/www.hotellecorbusier.com\/en\/wp-json\/wp\/v2\/comments?post=22668"}],"version-history":[{"count":49,"href":"https:\/\/www.hotellecorbusier.com\/en\/wp-json\/wp\/v2\/pages\/22668\/revisions"}],"predecessor-version":[{"id":24421,"href":"https:\/\/www.hotellecorbusier.com\/en\/wp-json\/wp\/v2\/pages\/22668\/revisions\/24421"}],"wp:attachment":[{"href":"https:\/\/www.hotellecorbusier.com\/en\/wp-json\/wp\/v2\/media?parent=22668"}],"curies":[{"name":"wp","href":"https:\/\/api.w.org\/{rel}","templated":true}]}}